{"id":551,"date":"2024-01-28T10:25:06","date_gmt":"2024-01-28T09:25:06","guid":{"rendered":"https:\/\/lumieresndclery.com\/?page_id=551"},"modified":"2025-01-25T10:12:23","modified_gmt":"2025-01-25T09:12:23","slug":"saisons-passees-2022","status":"publish","type":"page","link":"https:\/\/lumieresndclery.com\/index.php\/saisons-passees-2022\/","title":{"rendered":"Concert 2022"},"content":{"rendered":"\n<div class=\"wp-block-columns is-layout-flex wp-container-core-columns-is-layout-28f84493 wp-block-columns-is-layout-flex\">\n<div class=\"wp-block-column is-layout-flow wp-block-column-is-layout-flow\">\n<figure data-wp-context=\"{&quot;imageId&quot;:&quot;69f18a67c7b4b&quot;}\" data-wp-interactive=\"core\/image\" data-wp-key=\"69f18a67c7b4b\" class=\"wp-block-image aligncenter size-large is-resized has-custom-border wp-lightbox-container\"><img loading=\"lazy\" decoding=\"async\" width=\"768\" height=\"1024\" data-wp-class--hide=\"state.isContentHidden\" data-wp-class--show=\"state.isContentVisible\" data-wp-init=\"callbacks.setButtonStyles\" data-wp-on--click=\"actions.showLightbox\" data-wp-on--load=\"callbacks.setButtonStyles\" data-wp-on-window--resize=\"callbacks.setButtonStyles\" src=\"https:\/\/lumieresndclery.com\/wp-content\/uploads\/2024\/01\/2022-affiche-messie-768x1024.jpg\" alt=\"Affiche Concert Messie 2022\" class=\"wp-image-498\" style=\"border-radius:10px;width:350px\" srcset=\"https:\/\/lumieresndclery.com\/wp-content\/uploads\/2024\/01\/2022-affiche-messie-768x1024.jpg 768w, https:\/\/lumieresndclery.com\/wp-content\/uploads\/2024\/01\/2022-affiche-messie-225x300.jpg 225w, https:\/\/lumieresndclery.com\/wp-content\/uploads\/2024\/01\/2022-affiche-messie-1152x1536.jpg 1152w, https:\/\/lumieresndclery.com\/wp-content\/uploads\/2024\/01\/2022-affiche-messie-1536x2048.jpg 1536w, https:\/\/lumieresndclery.com\/wp-content\/uploads\/2024\/01\/2022-affiche-messie-scaled.jpg 1920w\" sizes=\"auto, (max-width: 768px) 100vw, 768px\" \/><button\n\t\t\tclass=\"lightbox-trigger\"\n\t\t\ttype=\"button\"\n\t\t\taria-haspopup=\"dialog\"\n\t\t\taria-label=\"Agrandir\"\n\t\t\tdata-wp-init=\"callbacks.initTriggerButton\"\n\t\t\tdata-wp-on--click=\"actions.showLightbox\"\n\t\t\tdata-wp-style--right=\"state.imageButtonRight\"\n\t\t\tdata-wp-style--top=\"state.imageButtonTop\"\n\t\t>\n\t\t\t<svg xmlns=\"http:\/\/www.w3.org\/2000\/svg\" width=\"12\" height=\"12\" fill=\"none\" viewBox=\"0 0 12 12\">\n\t\t\t\t<path fill=\"#fff\" d=\"M2 0a2 2 0 0 0-2 2v2h1.5V2a.5.5 0 0 1 .5-.5h2V0H2Zm2 10.5H2a.5.5 0 0 1-.5-.5V8H0v2a2 2 0 0 0 2 2h2v-1.5ZM8 12v-1.5h2a.5.5 0 0 0 .5-.5V8H12v2a2 2 0 0 1-2 2H8Zm2-12a2 2 0 0 1 2 2v2h-1.5V2a.5.5 0 0 0-.5-.5H8V0h2Z\" \/>\n\t\t\t<\/svg>\n\t\t<\/button><\/figure>\n<\/div>\n<\/div>\n\n\n\n<figure class=\"wp-block-embed is-type-video is-provider-youtube wp-block-embed-youtube wp-embed-aspect-16-9 wp-has-aspect-ratio\"><div class=\"wp-block-embed__wrapper\">\n<iframe loading=\"lazy\" title=\"Le Messie Teaser\" width=\"500\" height=\"281\" src=\"https:\/\/www.youtube.com\/embed\/SIyAAf3P6fo?feature=oembed\" frameborder=\"0\" allow=\"accelerometer; autoplay; clipboard-write; encrypted-media; gyroscope; picture-in-picture; web-share\" referrerpolicy=\"strict-origin-when-cross-origin\" allowfullscreen><\/iframe>\n<\/div><\/figure>\n\n\n\n<figure class=\"wp-block-embed is-type-video is-provider-youtube wp-block-embed-youtube wp-embed-aspect-16-9 wp-has-aspect-ratio\"><div class=\"wp-block-embed__wrapper\">\n<iframe loading=\"lazy\" title=\"Orgues Artenay   Teaser\" width=\"500\" height=\"281\" src=\"https:\/\/www.youtube.com\/embed\/3AZXtdYu_Sc?feature=oembed\" frameborder=\"0\" allow=\"accelerometer; autoplay; clipboard-write; encrypted-media; gyroscope; picture-in-picture; web-share\" referrerpolicy=\"strict-origin-when-cross-origin\" allowfullscreen><\/iframe>\n<\/div><\/figure>\n\n\n\n<div class=\"wp-block-group alignfull has-ti-accent-background-color has-background has-global-padding is-layout-constrained wp-container-core-group-is-layout-88779dfd wp-block-group-is-layout-constrained\">\n<h2 class=\"wp-block-heading has-text-align-center has-white-color has-text-color has-link-color wp-elements-60b3ef1735e0a84f4cd02f5e07356275\">Solistes<\/h2>\n<\/div>\n\n\n\n<div class=\"wp-block-group alignwide has-ti-bg-alt-background-color has-background has-global-padding is-layout-constrained wp-container-core-group-is-layout-8dd13e6d wp-block-group-is-layout-constrained\" style=\"border-radius:10px;padding-right:var(--wp--preset--spacing--60);padding-left:var(--wp--preset--spacing--60)\">\n<h4 class=\"wp-block-heading alignwide has-ti-accent-color has-text-color has-link-color wp-elements-2d94ddc27e9d74ed8676da4938fb13a2\">Evann LOGET-RAYMOND &#8211; Contre t\u00e9nor<\/h4>\n\n\n\n<div class=\"wp-block-columns alignwide is-layout-flex wp-container-core-columns-is-layout-28f84493 wp-block-columns-is-layout-flex\">\n<div class=\"wp-block-column is-layout-flow wp-block-column-is-layout-flow\" style=\"flex-basis:300px\">\n<figure data-wp-context=\"{&quot;imageId&quot;:&quot;69f18a67c8a76&quot;}\" data-wp-interactive=\"core\/image\" data-wp-key=\"69f18a67c8a76\" class=\"wp-block-image size-large wp-lightbox-container\"><img loading=\"lazy\" decoding=\"async\" width=\"866\" height=\"1024\" data-wp-class--hide=\"state.isContentHidden\" data-wp-class--show=\"state.isContentVisible\" data-wp-init=\"callbacks.setButtonStyles\" data-wp-on--click=\"actions.showLightbox\" data-wp-on--load=\"callbacks.setButtonStyles\" data-wp-on-window--resize=\"callbacks.setButtonStyles\" src=\"https:\/\/lumieresndclery.com\/wp-content\/uploads\/2024\/07\/Evann-Loget-Raymond-866x1024.jpg\" alt=\"Evann Loget-Raymond Contre-T\u00e9nor\" class=\"wp-image-606\" srcset=\"https:\/\/lumieresndclery.com\/wp-content\/uploads\/2024\/07\/Evann-Loget-Raymond-866x1024.jpg 866w, https:\/\/lumieresndclery.com\/wp-content\/uploads\/2024\/07\/Evann-Loget-Raymond-254x300.jpg 254w, https:\/\/lumieresndclery.com\/wp-content\/uploads\/2024\/07\/Evann-Loget-Raymond-768x909.jpg 768w, https:\/\/lumieresndclery.com\/wp-content\/uploads\/2024\/07\/Evann-Loget-Raymond-1298x1536.jpg 1298w, https:\/\/lumieresndclery.com\/wp-content\/uploads\/2024\/07\/Evann-Loget-Raymond-1731x2048.jpg 1731w\" sizes=\"auto, (max-width: 866px) 100vw, 866px\" \/><button\n\t\t\tclass=\"lightbox-trigger\"\n\t\t\ttype=\"button\"\n\t\t\taria-haspopup=\"dialog\"\n\t\t\taria-label=\"Agrandir\"\n\t\t\tdata-wp-init=\"callbacks.initTriggerButton\"\n\t\t\tdata-wp-on--click=\"actions.showLightbox\"\n\t\t\tdata-wp-style--right=\"state.imageButtonRight\"\n\t\t\tdata-wp-style--top=\"state.imageButtonTop\"\n\t\t>\n\t\t\t<svg xmlns=\"http:\/\/www.w3.org\/2000\/svg\" width=\"12\" height=\"12\" fill=\"none\" viewBox=\"0 0 12 12\">\n\t\t\t\t<path fill=\"#fff\" d=\"M2 0a2 2 0 0 0-2 2v2h1.5V2a.5.5 0 0 1 .5-.5h2V0H2Zm2 10.5H2a.5.5 0 0 1-.5-.5V8H0v2a2 2 0 0 0 2 2h2v-1.5ZM8 12v-1.5h2a.5.5 0 0 0 .5-.5V8H12v2a2 2 0 0 1-2 2H8Zm2-12a2 2 0 0 1 2 2v2h-1.5V2a.5.5 0 0 0-.5-.5H8V0h2Z\" \/>\n\t\t\t<\/svg>\n\t\t<\/button><\/figure>\n<\/div>\n\n\n\n<div class=\"wp-block-column is-layout-flow wp-block-column-is-layout-flow\">\n<p>Evann Loget-Raymond est un jeune contre-t\u00e9nor, chef de ch\u0153ur et compositeur n\u00e9 en Bretagne. Il int\u00e8gre successivement les classes de chant, direction et enfin musique ancienne du CRR de Paris. En 2017 il int\u00e8gre l&rsquo;Acad\u00e9mie Musicale Philippe Jaroussky. Evann est \u00e9galement dipl\u00f4m\u00e9 de l\u2019\u00c9cole de Gr\u00e9gorien de Paris et termine ses \u00e9tudes de direction de ch\u0153ur et d\u2019orchestre au P\u00f4le Sup\u00e9rieur de Paris. <br><br>\u00c0 partir de 2015, il se produit comme soliste avec l\u2019ensemble Stradivaria (direction Daniel Cuiller), La Fenice (direction Jean Tubery), Vivaldi Society (direction Anton Martynov), Artaserse (direction Philippe Jaroussky) et Matheus (direction Jean-Christophe Spinosi). Ces exp\u00e9riences l\u2019am\u00e8nent \u00e0 se produire au Theater an der Wien, l\u2019Op\u00e9ra Royal de Versailles, \u00e0 la Philharmonie de Moscou ou encore la Seine Musicale. &nbsp;<\/p>\n<\/div>\n<\/div>\n\n\n\n<div class=\"wp-block-columns alignwide is-layout-flex wp-container-core-columns-is-layout-28f84493 wp-block-columns-is-layout-flex\">\n<div class=\"wp-block-column is-layout-flow wp-block-column-is-layout-flow\">\n<p>Conjointement \u00e0 ses \u00e9tudes de direction de ch\u0153ur il cr\u00e9e en 2016 Vox 21, son propre ensemble vocal et instrumental. En ao\u00fbt 2021 il est invit\u00e9 \u00e0 diriger l\u2019orchestre baroque du Festival de Musique Ancienne de Saorge dans l\u2019op\u00e9ra Eliogabalo de Cavalli. En septembre la m\u00eame ann\u00e9e il est chef assistant de Franck-Emmanuel Comte dans l\u2019op\u00e9ra Talestri de Walpurgis.<\/p>\n<\/div>\n<\/div>\n<\/div>\n\n\n\n<div class=\"wp-block-group alignwide has-ti-bg-alt-background-color has-background has-global-padding is-layout-constrained wp-container-core-group-is-layout-8dd13e6d wp-block-group-is-layout-constrained\" style=\"border-radius:10px;padding-right:var(--wp--preset--spacing--60);padding-left:var(--wp--preset--spacing--60)\">\n<h4 class=\"wp-block-heading alignwide has-text-align-right has-ti-accent-color has-text-color has-link-color wp-elements-084c6e029d93681d12b1ab9b98a80e14\">Charles MESRINE &#8211; T\u00e9nor<\/h4>\n\n\n\n<div class=\"wp-block-columns alignwide is-layout-flex wp-container-core-columns-is-layout-28f84493 wp-block-columns-is-layout-flex\">\n<div class=\"wp-block-column is-layout-flow wp-block-column-is-layout-flow\">\n<p>N\u00e9 en 1981, Charles Mesrine est titulaire d&rsquo;une licence de Musicologie de l&rsquo;Universit\u00e9 de Poitiers. Il a fr\u00e9quent\u00e9 les cours de chant lyrique et de musique ancienne dirig\u00e9s par Matthieu Lusson et Claire Michon, ainsi que les cours de m\u00e9lodie fran\u00e7aises, dirig\u00e9s par David Abramovitz au CRR de Poitiers.<\/p>\n\n\n\n<p>En 2006, il a \u00e9t\u00e9 re\u00e7u dans la classe de Th\u00e9\u00e2tre musical du Conservatoire du X\u00e8me arrondissement de Paris, dirig\u00e9e par Jo\u00eblle Vautier o\u00f9 il a travaill\u00e9 sur l&rsquo;interpr\u00e9tation sc\u00e9nique. Il y a obtenu une premi\u00e8re m\u00e9daille en 2009. <\/p>\n<\/div>\n\n\n\n<div class=\"wp-block-column is-layout-flow wp-block-column-is-layout-flow\" style=\"flex-basis:400px\">\n<figure data-wp-context=\"{&quot;imageId&quot;:&quot;69f18a67c92e8&quot;}\" data-wp-interactive=\"core\/image\" data-wp-key=\"69f18a67c92e8\" class=\"wp-block-image size-full wp-lightbox-container\"><img loading=\"lazy\" decoding=\"async\" width=\"400\" height=\"248\" data-wp-class--hide=\"state.isContentHidden\" data-wp-class--show=\"state.isContentVisible\" data-wp-init=\"callbacks.setButtonStyles\" data-wp-on--click=\"actions.showLightbox\" data-wp-on--load=\"callbacks.setButtonStyles\" data-wp-on-window--resize=\"callbacks.setButtonStyles\" src=\"https:\/\/lumieresndclery.com\/wp-content\/uploads\/2024\/07\/Charles-Mesrine.jpg\" alt=\"Charles Mesrine T\u00e9nor\" class=\"wp-image-618\" srcset=\"https:\/\/lumieresndclery.com\/wp-content\/uploads\/2024\/07\/Charles-Mesrine.jpg 400w, https:\/\/lumieresndclery.com\/wp-content\/uploads\/2024\/07\/Charles-Mesrine-300x186.jpg 300w\" sizes=\"auto, (max-width: 400px) 100vw, 400px\" \/><button\n\t\t\tclass=\"lightbox-trigger\"\n\t\t\ttype=\"button\"\n\t\t\taria-haspopup=\"dialog\"\n\t\t\taria-label=\"Agrandir\"\n\t\t\tdata-wp-init=\"callbacks.initTriggerButton\"\n\t\t\tdata-wp-on--click=\"actions.showLightbox\"\n\t\t\tdata-wp-style--right=\"state.imageButtonRight\"\n\t\t\tdata-wp-style--top=\"state.imageButtonTop\"\n\t\t>\n\t\t\t<svg xmlns=\"http:\/\/www.w3.org\/2000\/svg\" width=\"12\" height=\"12\" fill=\"none\" viewBox=\"0 0 12 12\">\n\t\t\t\t<path fill=\"#fff\" d=\"M2 0a2 2 0 0 0-2 2v2h1.5V2a.5.5 0 0 1 .5-.5h2V0H2Zm2 10.5H2a.5.5 0 0 1-.5-.5V8H0v2a2 2 0 0 0 2 2h2v-1.5ZM8 12v-1.5h2a.5.5 0 0 0 .5-.5V8H12v2a2 2 0 0 1-2 2H8Zm2-12a2 2 0 0 1 2 2v2h-1.5V2a.5.5 0 0 0-.5-.5H8V0h2Z\" \/>\n\t\t\t<\/svg>\n\t\t<\/button><\/figure>\n<\/div>\n<\/div>\n\n\n\n<div class=\"wp-block-columns alignwide is-layout-flex wp-container-core-columns-is-layout-28f84493 wp-block-columns-is-layout-flex\">\n<div class=\"wp-block-column is-layout-flow wp-block-column-is-layout-flow\">\n<p>Depuis 2006, il a chant\u00e9 au sein du Choeur de l&rsquo;Orchestre de Paris, du Choeur de l&rsquo;Op\u00e9ra de Metz, de la Ma\u00eetrise de Notre-Dame de Paris. Chanteur soliste dans des pi\u00e8ces de musique sacr\u00e9e de diverses \u00e9poques, il a aussi une quinzaine de r\u00f4les d&rsquo;op\u00e9ras-bouffes de compositeurs fran\u00e7ais tels que Herv\u00e9, Offenbach, Lecocq ou encore Terrasse \u00e0 son r\u00e9pertoire.<\/p>\n<\/div>\n<\/div>\n<\/div>\n\n\n\n<div class=\"wp-block-group alignwide has-ti-bg-alt-background-color has-background has-global-padding is-layout-constrained wp-container-core-group-is-layout-8dd13e6d wp-block-group-is-layout-constrained\" style=\"border-radius:10px;padding-right:var(--wp--preset--spacing--60);padding-left:var(--wp--preset--spacing--60)\">\n<h4 class=\"wp-block-heading alignwide has-ti-accent-color has-text-color has-link-color wp-elements-bdd3774846d660ba7cb4e39a88d2a325\">Iryna KYSHLIARUK &#8211; Soprano<\/h4>\n\n\n\n<div class=\"wp-block-columns alignwide is-layout-flex wp-container-core-columns-is-layout-28f84493 wp-block-columns-is-layout-flex\">\n<div class=\"wp-block-column is-layout-flow wp-block-column-is-layout-flow\" style=\"flex-basis:300px\">\n<figure data-wp-context=\"{&quot;imageId&quot;:&quot;69f18a67c9a0b&quot;}\" data-wp-interactive=\"core\/image\" data-wp-key=\"69f18a67c9a0b\" class=\"wp-block-image size-large wp-lightbox-container\"><img loading=\"lazy\" decoding=\"async\" width=\"683\" height=\"1024\" data-wp-class--hide=\"state.isContentHidden\" data-wp-class--show=\"state.isContentVisible\" data-wp-init=\"callbacks.setButtonStyles\" data-wp-on--click=\"actions.showLightbox\" data-wp-on--load=\"callbacks.setButtonStyles\" data-wp-on-window--resize=\"callbacks.setButtonStyles\" src=\"https:\/\/lumieresndclery.com\/wp-content\/uploads\/2024\/07\/Iryna-Kyshliaruk-2-683x1024.jpg\" alt=\"Iryna Kyshliaruk Soprano\" class=\"wp-image-626\" srcset=\"https:\/\/lumieresndclery.com\/wp-content\/uploads\/2024\/07\/Iryna-Kyshliaruk-2-683x1024.jpg 683w, https:\/\/lumieresndclery.com\/wp-content\/uploads\/2024\/07\/Iryna-Kyshliaruk-2-200x300.jpg 200w, https:\/\/lumieresndclery.com\/wp-content\/uploads\/2024\/07\/Iryna-Kyshliaruk-2-768x1152.jpg 768w, https:\/\/lumieresndclery.com\/wp-content\/uploads\/2024\/07\/Iryna-Kyshliaruk-2-1024x1536.jpg 1024w, https:\/\/lumieresndclery.com\/wp-content\/uploads\/2024\/07\/Iryna-Kyshliaruk-2-1365x2048.jpg 1365w\" sizes=\"auto, (max-width: 683px) 100vw, 683px\" \/><button\n\t\t\tclass=\"lightbox-trigger\"\n\t\t\ttype=\"button\"\n\t\t\taria-haspopup=\"dialog\"\n\t\t\taria-label=\"Agrandir\"\n\t\t\tdata-wp-init=\"callbacks.initTriggerButton\"\n\t\t\tdata-wp-on--click=\"actions.showLightbox\"\n\t\t\tdata-wp-style--right=\"state.imageButtonRight\"\n\t\t\tdata-wp-style--top=\"state.imageButtonTop\"\n\t\t>\n\t\t\t<svg xmlns=\"http:\/\/www.w3.org\/2000\/svg\" width=\"12\" height=\"12\" fill=\"none\" viewBox=\"0 0 12 12\">\n\t\t\t\t<path fill=\"#fff\" d=\"M2 0a2 2 0 0 0-2 2v2h1.5V2a.5.5 0 0 1 .5-.5h2V0H2Zm2 10.5H2a.5.5 0 0 1-.5-.5V8H0v2a2 2 0 0 0 2 2h2v-1.5ZM8 12v-1.5h2a.5.5 0 0 0 .5-.5V8H12v2a2 2 0 0 1-2 2H8Zm2-12a2 2 0 0 1 2 2v2h-1.5V2a.5.5 0 0 0-.5-.5H8V0h2Z\" \/>\n\t\t\t<\/svg>\n\t\t<\/button><\/figure>\n<\/div>\n\n\n\n<div class=\"wp-block-column is-layout-flow wp-block-column-is-layout-flow\">\n<p>La soprano ukrainienne Iryna Kyshliaruk commence ses \u00e9tudes musicales en tant que violoncelliste. Elle a \u00e9tudi\u00e9 \u00e0 l&rsquo;Acad\u00e9mie nationale de musique de Kiev avec le Pr Maria Stefiuk et a poursuivi son d\u00e9veloppement en Allemagne et en France avec KS Regina Werner (HMT Leipzig) et El\u00e8ne Golgevit (Conservatoire de Paris).<br>Elle fait ses d\u00e9buts au Kiev Opera Studio dans le r\u00f4le d\u2019Amour dans Orfeo de Gluck. Parmi ses autres r\u00f4les figurent Cl\u00e9op\u00e2tre dans Giulio Cesare de Haendel (CNSMDP\/Philharmonie de Paris), Musetta de Puccini (La Boh\u00e8me), Despina dans Cosi fan tutte (Op\u00e9ra Fuoco), Diane dans Iphig\u00e9nie en Tauride de Gluck (Op\u00e9ra de Rouen).<br><br>Passionn\u00e9e de r\u00e9pertoire allemand et d&rsquo;oratorio, elle chante le r\u00f4le d&rsquo;\u00c8ve (Die Sch\u00f6pfung) dans Notre-Dame de Paris, la Femme isra\u00e9lienne (Judeas Macabaeus) au Festival baroque de Bayreuth, La Vierge de Massenet au Festival de Cl\u00e9ry. Op\u00e9ra de Saint-Etienne, Requiem de Faur\u00e9 au Grand Th\u00e9\u00e2tre de Tours.<\/p>\n<\/div>\n<\/div>\n\n\n\n<div class=\"wp-block-columns alignwide is-layout-flex wp-container-core-columns-is-layout-28f84493 wp-block-columns-is-layout-flex\">\n<div class=\"wp-block-column is-layout-flow wp-block-column-is-layout-flow\">\n<p>Ses futurs engagements incluent Euterpe dans \u201cParnasso confuso\u201d de Gluck, la Contessa et soprano solo dans C moll Mass de Mozart . Elle rejoindra Opera Fuoco avec le r\u00f4le de Daphne dans \u201cAppolo et Daphne\u201d de Haendel et Iole \u201cHercules\u201d \u00e0 l\u2019Opera de Massy. En 2024, elle jouera le r\u00f4le de Sacerdotessa dans A\u00efda de Verdi \u00e0 l&rsquo;Op\u00e9ra de Rouen.<\/p>\n<\/div>\n<\/div>\n<\/div>\n\n\n\n<div class=\"wp-block-group alignwide has-ti-bg-alt-background-color has-background has-global-padding is-layout-constrained wp-container-core-group-is-layout-8dd13e6d wp-block-group-is-layout-constrained\" style=\"border-radius:10px;padding-right:var(--wp--preset--spacing--60);padding-left:var(--wp--preset--spacing--60)\">\n<h4 class=\"wp-block-heading alignwide has-text-align-right has-ti-accent-color has-text-color has-link-color wp-elements-3a8c24d666f696661795d9cea8eb121f\">Igor MOSTOVO\u00cf &#8211; Baryton<\/h4>\n\n\n\n<div class=\"wp-block-columns alignwide is-layout-flex wp-container-core-columns-is-layout-28f84493 wp-block-columns-is-layout-flex\">\n<div class=\"wp-block-column is-layout-flow wp-block-column-is-layout-flow\">\n<p>Le baryton ukrainien Igor Mostovoi a grandi \u00e0 Marioupol, o\u00f9 il a re\u00e7u une formation d&rsquo;acteur et de musicien. Il est titulaire d&rsquo;un baccalaur\u00e9at et d&rsquo;une ma\u00eetrise en op\u00e9ra et interpr\u00e9tation vocale de l&rsquo;\u00c9cole de musique Schulich de l&rsquo;Universit\u00e9 McGill \u00e0 Montr\u00e9al, Canada. En octobre 2020, Igor a rejoint l&rsquo;Ecole Normale de Musique Alfred Cortot \u00e0 Paris dans le cadre du Dipl\u00f4me Sup\u00e9rieur de Concertiste.<br><br>Le r\u00e9pertoire d&rsquo;Igor rassemble plus de 20 r\u00f4les d&rsquo;op\u00e9ra, avec des compagnies telles que le Th\u00e9\u00e2tre du Ch\u00e2telet de Paris, l&rsquo;Op\u00e9ra National du Rhin, l&rsquo;Op\u00e9ra de Lyon, l&rsquo;Orchestre Philarmonique de Strasbourg , Opera McGill \u00e0 Montr\u00e9al, Quatuor Adastra, Lyric Opera Studio \u00e0 Weimar.<\/p>\n<\/div>\n\n\n\n<div class=\"wp-block-column is-layout-flow wp-block-column-is-layout-flow\" style=\"flex-basis:400px\">\n<figure data-wp-context=\"{&quot;imageId&quot;:&quot;69f18a67ca21e&quot;}\" data-wp-interactive=\"core\/image\" data-wp-key=\"69f18a67ca21e\" class=\"wp-block-image size-full wp-lightbox-container\"><img loading=\"lazy\" decoding=\"async\" width=\"1804\" height=\"1200\" data-wp-class--hide=\"state.isContentHidden\" data-wp-class--show=\"state.isContentVisible\" data-wp-init=\"callbacks.setButtonStyles\" data-wp-on--click=\"actions.showLightbox\" data-wp-on--load=\"callbacks.setButtonStyles\" data-wp-on-window--resize=\"callbacks.setButtonStyles\" src=\"https:\/\/lumieresndclery.com\/wp-content\/uploads\/2024\/07\/Igor-Mostovoi-1.jpg\" alt=\"Igor Mostovoi Baryton\" class=\"wp-image-624\" srcset=\"https:\/\/lumieresndclery.com\/wp-content\/uploads\/2024\/07\/Igor-Mostovoi-1.jpg 1804w, https:\/\/lumieresndclery.com\/wp-content\/uploads\/2024\/07\/Igor-Mostovoi-1-300x200.jpg 300w, https:\/\/lumieresndclery.com\/wp-content\/uploads\/2024\/07\/Igor-Mostovoi-1-1024x681.jpg 1024w, https:\/\/lumieresndclery.com\/wp-content\/uploads\/2024\/07\/Igor-Mostovoi-1-768x511.jpg 768w, https:\/\/lumieresndclery.com\/wp-content\/uploads\/2024\/07\/Igor-Mostovoi-1-1536x1022.jpg 1536w\" sizes=\"auto, (max-width: 1804px) 100vw, 1804px\" \/><button\n\t\t\tclass=\"lightbox-trigger\"\n\t\t\ttype=\"button\"\n\t\t\taria-haspopup=\"dialog\"\n\t\t\taria-label=\"Agrandir\"\n\t\t\tdata-wp-init=\"callbacks.initTriggerButton\"\n\t\t\tdata-wp-on--click=\"actions.showLightbox\"\n\t\t\tdata-wp-style--right=\"state.imageButtonRight\"\n\t\t\tdata-wp-style--top=\"state.imageButtonTop\"\n\t\t>\n\t\t\t<svg xmlns=\"http:\/\/www.w3.org\/2000\/svg\" width=\"12\" height=\"12\" fill=\"none\" viewBox=\"0 0 12 12\">\n\t\t\t\t<path fill=\"#fff\" d=\"M2 0a2 2 0 0 0-2 2v2h1.5V2a.5.5 0 0 1 .5-.5h2V0H2Zm2 10.5H2a.5.5 0 0 1-.5-.5V8H0v2a2 2 0 0 0 2 2h2v-1.5ZM8 12v-1.5h2a.5.5 0 0 0 .5-.5V8H12v2a2 2 0 0 1-2 2H8Zm2-12a2 2 0 0 1 2 2v2h-1.5V2a.5.5 0 0 0-.5-.5H8V0h2Z\" \/>\n\t\t\t<\/svg>\n\t\t<\/button><\/figure>\n<\/div>\n<\/div>\n\n\n\n<div class=\"wp-block-columns alignwide is-layout-flex wp-container-core-columns-is-layout-28f84493 wp-block-columns-is-layout-flex\">\n<div class=\"wp-block-column is-layout-flow wp-block-column-is-layout-flow\">\n<p>Il est laur\u00e9at du 1er prix parmi les voix masculines au Concours international de chant \u00ab\u00a0Nuits lyriques de Marmande\u00a0\u00bb en France 2021, r\u00e9cipiendaire de la bourse du Cercle Richard Wagner de Strasbourg en 2018 et participant de \u00ab\u00a0ISing\u00a0\u00bb International Young Artists&rsquo; Festival en Chine en 2016 et 2020-2021 en tant que soliste lors de la premi\u00e8re mondiale d&rsquo;une chanson sur de c\u00e9l\u00e8bres po\u00e8mes Tang.<\/p>\n<\/div>\n<\/div>\n<\/div>\n\n\n\n<div class=\"wp-block-group alignfull has-ti-accent-background-color has-background has-global-padding is-layout-constrained wp-container-core-group-is-layout-a4c69c57 wp-block-group-is-layout-constrained\">\n<h2 class=\"wp-block-heading has-text-align-center\">Galerie photos<\/h2>\n<\/div>\n\n\n\n<figure class=\"wp-block-gallery alignwide has-nested-images columns-default is-cropped wp-block-gallery-1 is-layout-flex wp-block-gallery-is-layout-flex\">\n<figure class=\"wp-block-image size-large\"><img loading=\"lazy\" decoding=\"async\" width=\"1024\" height=\"681\" data-id=\"913\" src=\"https:\/\/lumieresndclery.com\/wp-content\/uploads\/2025\/01\/2022-008-1024x681.jpg\" alt=\"\" class=\"wp-image-913\" srcset=\"https:\/\/lumieresndclery.com\/wp-content\/uploads\/2025\/01\/2022-008-1024x681.jpg 1024w, https:\/\/lumieresndclery.com\/wp-content\/uploads\/2025\/01\/2022-008-300x200.jpg 300w, https:\/\/lumieresndclery.com\/wp-content\/uploads\/2025\/01\/2022-008-768x511.jpg 768w, https:\/\/lumieresndclery.com\/wp-content\/uploads\/2025\/01\/2022-008-1536x1022.jpg 1536w, https:\/\/lumieresndclery.com\/wp-content\/uploads\/2025\/01\/2022-008.jpg 2000w\" sizes=\"auto, (max-width: 1024px) 100vw, 1024px\" \/><\/figure>\n\n\n\n<figure class=\"wp-block-image size-large\"><img loading=\"lazy\" decoding=\"async\" width=\"1024\" height=\"800\" data-id=\"919\" src=\"https:\/\/lumieresndclery.com\/wp-content\/uploads\/2025\/01\/2022-020-1024x800.jpg\" alt=\"\" class=\"wp-image-919\" srcset=\"https:\/\/lumieresndclery.com\/wp-content\/uploads\/2025\/01\/2022-020-1024x800.jpg 1024w, https:\/\/lumieresndclery.com\/wp-content\/uploads\/2025\/01\/2022-020-300x234.jpg 300w, https:\/\/lumieresndclery.com\/wp-content\/uploads\/2025\/01\/2022-020-768x600.jpg 768w, https:\/\/lumieresndclery.com\/wp-content\/uploads\/2025\/01\/2022-020-1536x1200.jpg 1536w, https:\/\/lumieresndclery.com\/wp-content\/uploads\/2025\/01\/2022-020.jpg 2000w\" sizes=\"auto, (max-width: 1024px) 100vw, 1024px\" \/><\/figure>\n\n\n\n<figure class=\"wp-block-image size-large\"><img loading=\"lazy\" decoding=\"async\" width=\"1024\" height=\"682\" data-id=\"920\" src=\"https:\/\/lumieresndclery.com\/wp-content\/uploads\/2025\/01\/2022-021-1024x682.jpg\" alt=\"\" class=\"wp-image-920\" srcset=\"https:\/\/lumieresndclery.com\/wp-content\/uploads\/2025\/01\/2022-021-1024x682.jpg 1024w, https:\/\/lumieresndclery.com\/wp-content\/uploads\/2025\/01\/2022-021-300x200.jpg 300w, https:\/\/lumieresndclery.com\/wp-content\/uploads\/2025\/01\/2022-021-768x512.jpg 768w, https:\/\/lumieresndclery.com\/wp-content\/uploads\/2025\/01\/2022-021-1536x1024.jpg 1536w, https:\/\/lumieresndclery.com\/wp-content\/uploads\/2025\/01\/2022-021.jpg 2000w\" sizes=\"auto, (max-width: 1024px) 100vw, 1024px\" \/><\/figure>\n\n\n\n<figure class=\"wp-block-image size-large\"><img loading=\"lazy\" decoding=\"async\" width=\"1024\" height=\"682\" data-id=\"915\" src=\"https:\/\/lumieresndclery.com\/wp-content\/uploads\/2025\/01\/2022-060-1024x682.jpg\" alt=\"\" class=\"wp-image-915\" srcset=\"https:\/\/lumieresndclery.com\/wp-content\/uploads\/2025\/01\/2022-060-1024x682.jpg 1024w, https:\/\/lumieresndclery.com\/wp-content\/uploads\/2025\/01\/2022-060-300x200.jpg 300w, https:\/\/lumieresndclery.com\/wp-content\/uploads\/2025\/01\/2022-060-768x512.jpg 768w, https:\/\/lumieresndclery.com\/wp-content\/uploads\/2025\/01\/2022-060-1536x1024.jpg 1536w, https:\/\/lumieresndclery.com\/wp-content\/uploads\/2025\/01\/2022-060.jpg 2000w\" sizes=\"auto, (max-width: 1024px) 100vw, 1024px\" \/><\/figure>\n\n\n\n<figure class=\"wp-block-image size-large\"><img loading=\"lazy\" decoding=\"async\" width=\"683\" height=\"1024\" data-id=\"921\" src=\"https:\/\/lumieresndclery.com\/wp-content\/uploads\/2025\/01\/2022-091-683x1024.jpg\" alt=\"\" class=\"wp-image-921\" srcset=\"https:\/\/lumieresndclery.com\/wp-content\/uploads\/2025\/01\/2022-091-683x1024.jpg 683w, https:\/\/lumieresndclery.com\/wp-content\/uploads\/2025\/01\/2022-091-200x300.jpg 200w, https:\/\/lumieresndclery.com\/wp-content\/uploads\/2025\/01\/2022-091-768x1152.jpg 768w, https:\/\/lumieresndclery.com\/wp-content\/uploads\/2025\/01\/2022-091-1024x1536.jpg 1024w, https:\/\/lumieresndclery.com\/wp-content\/uploads\/2025\/01\/2022-091.jpg 1200w\" sizes=\"auto, (max-width: 683px) 100vw, 683px\" \/><\/figure>\n\n\n\n<figure class=\"wp-block-image size-large\"><img loading=\"lazy\" decoding=\"async\" width=\"1024\" height=\"681\" data-id=\"918\" src=\"https:\/\/lumieresndclery.com\/wp-content\/uploads\/2025\/01\/2022-114-1024x681.jpg\" alt=\"\" class=\"wp-image-918\" srcset=\"https:\/\/lumieresndclery.com\/wp-content\/uploads\/2025\/01\/2022-114-1024x681.jpg 1024w, https:\/\/lumieresndclery.com\/wp-content\/uploads\/2025\/01\/2022-114-300x200.jpg 300w, https:\/\/lumieresndclery.com\/wp-content\/uploads\/2025\/01\/2022-114-768x511.jpg 768w, https:\/\/lumieresndclery.com\/wp-content\/uploads\/2025\/01\/2022-114-1536x1022.jpg 1536w, https:\/\/lumieresndclery.com\/wp-content\/uploads\/2025\/01\/2022-114.jpg 2000w\" sizes=\"auto, (max-width: 1024px) 100vw, 1024px\" \/><\/figure>\n\n\n\n<figure class=\"wp-block-image size-large\"><img loading=\"lazy\" decoding=\"async\" width=\"1024\" height=\"682\" data-id=\"916\" src=\"https:\/\/lumieresndclery.com\/wp-content\/uploads\/2025\/01\/Charles-Mesrine-1-1024x682.jpg\" alt=\"\" class=\"wp-image-916\" srcset=\"https:\/\/lumieresndclery.com\/wp-content\/uploads\/2025\/01\/Charles-Mesrine-1-1024x682.jpg 1024w, https:\/\/lumieresndclery.com\/wp-content\/uploads\/2025\/01\/Charles-Mesrine-1-300x200.jpg 300w, https:\/\/lumieresndclery.com\/wp-content\/uploads\/2025\/01\/Charles-Mesrine-1-768x512.jpg 768w, https:\/\/lumieresndclery.com\/wp-content\/uploads\/2025\/01\/Charles-Mesrine-1-1536x1024.jpg 1536w, https:\/\/lumieresndclery.com\/wp-content\/uploads\/2025\/01\/Charles-Mesrine-1.jpg 2000w\" sizes=\"auto, (max-width: 1024px) 100vw, 1024px\" \/><\/figure>\n\n\n\n<figure class=\"wp-block-image size-large\"><img loading=\"lazy\" decoding=\"async\" width=\"683\" height=\"1024\" data-id=\"917\" src=\"https:\/\/lumieresndclery.com\/wp-content\/uploads\/2025\/01\/Iryna-Kyshliaruk-683x1024.jpg\" alt=\"\" class=\"wp-image-917\" srcset=\"https:\/\/lumieresndclery.com\/wp-content\/uploads\/2025\/01\/Iryna-Kyshliaruk-683x1024.jpg 683w, https:\/\/lumieresndclery.com\/wp-content\/uploads\/2025\/01\/Iryna-Kyshliaruk-200x300.jpg 200w, https:\/\/lumieresndclery.com\/wp-content\/uploads\/2025\/01\/Iryna-Kyshliaruk-768x1152.jpg 768w, https:\/\/lumieresndclery.com\/wp-content\/uploads\/2025\/01\/Iryna-Kyshliaruk-1024x1536.jpg 1024w, https:\/\/lumieresndclery.com\/wp-content\/uploads\/2025\/01\/Iryna-Kyshliaruk-1365x2048.jpg 1365w, https:\/\/lumieresndclery.com\/wp-content\/uploads\/2025\/01\/Iryna-Kyshliaruk.jpg 1500w\" sizes=\"auto, (max-width: 683px) 100vw, 683px\" \/><\/figure>\n\n\n\n<figure class=\"wp-block-image size-large\"><img loading=\"lazy\" decoding=\"async\" width=\"1024\" height=\"682\" data-id=\"914\" src=\"https:\/\/lumieresndclery.com\/wp-content\/uploads\/2025\/01\/Olivier-Salandini-1024x682.jpg\" alt=\"\" class=\"wp-image-914\" srcset=\"https:\/\/lumieresndclery.com\/wp-content\/uploads\/2025\/01\/Olivier-Salandini-1024x682.jpg 1024w, https:\/\/lumieresndclery.com\/wp-content\/uploads\/2025\/01\/Olivier-Salandini-300x200.jpg 300w, https:\/\/lumieresndclery.com\/wp-content\/uploads\/2025\/01\/Olivier-Salandini-768x512.jpg 768w, https:\/\/lumieresndclery.com\/wp-content\/uploads\/2025\/01\/Olivier-Salandini-1536x1024.jpg 1536w, https:\/\/lumieresndclery.com\/wp-content\/uploads\/2025\/01\/Olivier-Salandini.jpg 2000w\" sizes=\"auto, (max-width: 1024px) 100vw, 1024px\" \/><\/figure>\n<\/figure>\n","protected":false},"excerpt":{"rendered":"<p>Solistes Evann LOGET-RAYMOND &#8211; Contre t\u00e9nor Evann Loget-Raymond est un jeune contre-t\u00e9nor, chef de ch\u0153ur et compositeur n\u00e9 en Bretagne. Il int\u00e8gre successivement les classes de chant, direction et enfin musique ancienne du CRR de Paris. En 2017 il int\u00e8gre l&rsquo;Acad\u00e9mie Musicale Philippe Jaroussky. Evann est \u00e9galement dipl\u00f4m\u00e9 de l\u2019\u00c9cole de Gr\u00e9gorien de Paris et [&hellip;]<\/p>\n","protected":false},"author":1,"featured_media":498,"parent":0,"menu_order":0,"comment_status":"closed","ping_status":"closed","template":"","meta":{"_monsterinsights_skip_tracking":false,"_monsterinsights_sitenote_active":false,"_monsterinsights_sitenote_note":"","_monsterinsights_sitenote_category":0,"_themeisle_gutenberg_block_has_review":false,"footnotes":""},"class_list":["post-551","page","type-page","status-publish","has-post-thumbnail","hentry"],"yoast_head":"<!-- This site is optimized with the Yoast SEO plugin v27.5 - https:\/\/yoast.com\/product\/yoast-seo-wordpress\/ -->\n<title>Concert 2022 - Lumi\u00e8res sur Notre-Dame de Cl\u00e9ry<\/title>\n<meta name=\"description\" content=\"D\u00e9couvrez le programme de ce concert donn\u00e9 en 2022 \u00e0 la Basilique de Cl\u00e9ry Saint Andr\u00e9 sur le Messie de Handel.\" \/>\n<meta name=\"robots\" content=\"index, follow, max-snippet:-1, max-image-preview:large, max-video-preview:-1\" \/>\n<link rel=\"canonical\" href=\"https:\/\/lumieresndclery.com\/index.php\/saisons-passees-2022\/\" \/>\n<meta property=\"og:locale\" content=\"fr_FR\" \/>\n<meta property=\"og:type\" content=\"article\" \/>\n<meta property=\"og:title\" content=\"Concert 2022 - Lumi\u00e8res sur Notre-Dame de Cl\u00e9ry\" \/>\n<meta property=\"og:description\" content=\"D\u00e9couvrez le programme de ce concert donn\u00e9 en 2022 \u00e0 la Basilique de Cl\u00e9ry Saint Andr\u00e9 sur le Messie de Handel.\" \/>\n<meta property=\"og:url\" content=\"https:\/\/lumieresndclery.com\/index.php\/saisons-passees-2022\/\" \/>\n<meta property=\"og:site_name\" content=\"Lumi\u00e8res sur Notre-Dame de Cl\u00e9ry\" \/>\n<meta property=\"article:publisher\" content=\"https:\/\/www.facebook.com\/profile.php?id=100083351983960\" \/>\n<meta property=\"article:modified_time\" content=\"2025-01-25T09:12:23+00:00\" \/>\n<meta property=\"og:image\" content=\"https:\/\/lumieresndclery.com\/wp-content\/uploads\/2024\/01\/2022-affiche-messie-scaled.jpg\" \/>\n\t<meta property=\"og:image:width\" content=\"1920\" \/>\n\t<meta property=\"og:image:height\" content=\"2560\" \/>\n\t<meta property=\"og:image:type\" content=\"image\/jpeg\" \/>\n<meta name=\"twitter:card\" content=\"summary_large_image\" \/>\n<meta name=\"twitter:label1\" content=\"Dur\u00e9e de lecture estim\u00e9e\" \/>\n\t<meta name=\"twitter:data1\" content=\"7 minutes\" \/>\n<script type=\"application\/ld+json\" class=\"yoast-schema-graph\">{\"@context\":\"https:\\\/\\\/schema.org\",\"@graph\":[{\"@type\":\"WebPage\",\"@id\":\"https:\\\/\\\/lumieresndclery.com\\\/index.php\\\/saisons-passees-2022\\\/\",\"url\":\"https:\\\/\\\/lumieresndclery.com\\\/index.php\\\/saisons-passees-2022\\\/\",\"name\":\"Concert 2022 - Lumi\u00e8res sur Notre-Dame de Cl\u00e9ry\",\"isPartOf\":{\"@id\":\"https:\\\/\\\/lumieresndclery.com\\\/#website\"},\"primaryImageOfPage\":{\"@id\":\"https:\\\/\\\/lumieresndclery.com\\\/index.php\\\/saisons-passees-2022\\\/#primaryimage\"},\"image\":{\"@id\":\"https:\\\/\\\/lumieresndclery.com\\\/index.php\\\/saisons-passees-2022\\\/#primaryimage\"},\"thumbnailUrl\":\"https:\\\/\\\/lumieresndclery.com\\\/wp-content\\\/uploads\\\/2024\\\/01\\\/2022-affiche-messie-scaled.jpg\",\"datePublished\":\"2024-01-28T09:25:06+00:00\",\"dateModified\":\"2025-01-25T09:12:23+00:00\",\"description\":\"D\u00e9couvrez le programme de ce concert donn\u00e9 en 2022 \u00e0 la Basilique de Cl\u00e9ry Saint Andr\u00e9 sur le Messie de Handel.\",\"breadcrumb\":{\"@id\":\"https:\\\/\\\/lumieresndclery.com\\\/index.php\\\/saisons-passees-2022\\\/#breadcrumb\"},\"inLanguage\":\"fr-FR\",\"potentialAction\":[{\"@type\":\"ReadAction\",\"target\":[\"https:\\\/\\\/lumieresndclery.com\\\/index.php\\\/saisons-passees-2022\\\/\"]}]},{\"@type\":\"ImageObject\",\"inLanguage\":\"fr-FR\",\"@id\":\"https:\\\/\\\/lumieresndclery.com\\\/index.php\\\/saisons-passees-2022\\\/#primaryimage\",\"url\":\"https:\\\/\\\/lumieresndclery.com\\\/wp-content\\\/uploads\\\/2024\\\/01\\\/2022-affiche-messie-scaled.jpg\",\"contentUrl\":\"https:\\\/\\\/lumieresndclery.com\\\/wp-content\\\/uploads\\\/2024\\\/01\\\/2022-affiche-messie-scaled.jpg\",\"width\":1920,\"height\":2560,\"caption\":\"Affiche Concert Messie 2022 \u00a9 D.R.\"},{\"@type\":\"BreadcrumbList\",\"@id\":\"https:\\\/\\\/lumieresndclery.com\\\/index.php\\\/saisons-passees-2022\\\/#breadcrumb\",\"itemListElement\":[{\"@type\":\"ListItem\",\"position\":1,\"name\":\"Accueil\",\"item\":\"https:\\\/\\\/lumieresndclery.com\\\/\"},{\"@type\":\"ListItem\",\"position\":2,\"name\":\"Concert 2022\"}]},{\"@type\":\"WebSite\",\"@id\":\"https:\\\/\\\/lumieresndclery.com\\\/#website\",\"url\":\"https:\\\/\\\/lumieresndclery.com\\\/\",\"name\":\"Lumi\u00e8res sur Notre-Dame de Cl\u00e9ry\",\"description\":\"LSNDC\",\"publisher\":{\"@id\":\"https:\\\/\\\/lumieresndclery.com\\\/#organization\"},\"potentialAction\":[{\"@type\":\"SearchAction\",\"target\":{\"@type\":\"EntryPoint\",\"urlTemplate\":\"https:\\\/\\\/lumieresndclery.com\\\/?s={search_term_string}\"},\"query-input\":{\"@type\":\"PropertyValueSpecification\",\"valueRequired\":true,\"valueName\":\"search_term_string\"}}],\"inLanguage\":\"fr-FR\"},{\"@type\":\"Organization\",\"@id\":\"https:\\\/\\\/lumieresndclery.com\\\/#organization\",\"name\":\"Lumi\u00e8res sur Notre Dame de Cl\u00e9ry\",\"url\":\"https:\\\/\\\/lumieresndclery.com\\\/\",\"logo\":{\"@type\":\"ImageObject\",\"inLanguage\":\"fr-FR\",\"@id\":\"https:\\\/\\\/lumieresndclery.com\\\/#\\\/schema\\\/logo\\\/image\\\/\",\"url\":\"https:\\\/\\\/lumieresndclery.com\\\/wp-content\\\/uploads\\\/2023\\\/12\\\/cropped-logo_LSNDC.png\",\"contentUrl\":\"https:\\\/\\\/lumieresndclery.com\\\/wp-content\\\/uploads\\\/2023\\\/12\\\/cropped-logo_LSNDC.png\",\"width\":1579,\"height\":2457,\"caption\":\"Lumi\u00e8res sur Notre Dame de Cl\u00e9ry\"},\"image\":{\"@id\":\"https:\\\/\\\/lumieresndclery.com\\\/#\\\/schema\\\/logo\\\/image\\\/\"},\"sameAs\":[\"https:\\\/\\\/www.facebook.com\\\/profile.php?id=100083351983960\"]}]}<\/script>\n<!-- \/ Yoast SEO plugin. -->","yoast_head_json":{"title":"Concert 2022 - Lumi\u00e8res sur Notre-Dame de Cl\u00e9ry","description":"D\u00e9couvrez le programme de ce concert donn\u00e9 en 2022 \u00e0 la Basilique de Cl\u00e9ry Saint Andr\u00e9 sur le Messie de Handel.","robots":{"index":"index","follow":"follow","max-snippet":"max-snippet:-1","max-image-preview":"max-image-preview:large","max-video-preview":"max-video-preview:-1"},"canonical":"https:\/\/lumieresndclery.com\/index.php\/saisons-passees-2022\/","og_locale":"fr_FR","og_type":"article","og_title":"Concert 2022 - Lumi\u00e8res sur Notre-Dame de Cl\u00e9ry","og_description":"D\u00e9couvrez le programme de ce concert donn\u00e9 en 2022 \u00e0 la Basilique de Cl\u00e9ry Saint Andr\u00e9 sur le Messie de Handel.","og_url":"https:\/\/lumieresndclery.com\/index.php\/saisons-passees-2022\/","og_site_name":"Lumi\u00e8res sur Notre-Dame de Cl\u00e9ry","article_publisher":"https:\/\/www.facebook.com\/profile.php?id=100083351983960","article_modified_time":"2025-01-25T09:12:23+00:00","og_image":[{"width":1920,"height":2560,"url":"https:\/\/lumieresndclery.com\/wp-content\/uploads\/2024\/01\/2022-affiche-messie-scaled.jpg","type":"image\/jpeg"}],"twitter_card":"summary_large_image","twitter_misc":{"Dur\u00e9e de lecture estim\u00e9e":"7 minutes"},"schema":{"@context":"https:\/\/schema.org","@graph":[{"@type":"WebPage","@id":"https:\/\/lumieresndclery.com\/index.php\/saisons-passees-2022\/","url":"https:\/\/lumieresndclery.com\/index.php\/saisons-passees-2022\/","name":"Concert 2022 - Lumi\u00e8res sur Notre-Dame de Cl\u00e9ry","isPartOf":{"@id":"https:\/\/lumieresndclery.com\/#website"},"primaryImageOfPage":{"@id":"https:\/\/lumieresndclery.com\/index.php\/saisons-passees-2022\/#primaryimage"},"image":{"@id":"https:\/\/lumieresndclery.com\/index.php\/saisons-passees-2022\/#primaryimage"},"thumbnailUrl":"https:\/\/lumieresndclery.com\/wp-content\/uploads\/2024\/01\/2022-affiche-messie-scaled.jpg","datePublished":"2024-01-28T09:25:06+00:00","dateModified":"2025-01-25T09:12:23+00:00","description":"D\u00e9couvrez le programme de ce concert donn\u00e9 en 2022 \u00e0 la Basilique de Cl\u00e9ry Saint Andr\u00e9 sur le Messie de Handel.","breadcrumb":{"@id":"https:\/\/lumieresndclery.com\/index.php\/saisons-passees-2022\/#breadcrumb"},"inLanguage":"fr-FR","potentialAction":[{"@type":"ReadAction","target":["https:\/\/lumieresndclery.com\/index.php\/saisons-passees-2022\/"]}]},{"@type":"ImageObject","inLanguage":"fr-FR","@id":"https:\/\/lumieresndclery.com\/index.php\/saisons-passees-2022\/#primaryimage","url":"https:\/\/lumieresndclery.com\/wp-content\/uploads\/2024\/01\/2022-affiche-messie-scaled.jpg","contentUrl":"https:\/\/lumieresndclery.com\/wp-content\/uploads\/2024\/01\/2022-affiche-messie-scaled.jpg","width":1920,"height":2560,"caption":"Affiche Concert Messie 2022 \u00a9 D.R."},{"@type":"BreadcrumbList","@id":"https:\/\/lumieresndclery.com\/index.php\/saisons-passees-2022\/#breadcrumb","itemListElement":[{"@type":"ListItem","position":1,"name":"Accueil","item":"https:\/\/lumieresndclery.com\/"},{"@type":"ListItem","position":2,"name":"Concert 2022"}]},{"@type":"WebSite","@id":"https:\/\/lumieresndclery.com\/#website","url":"https:\/\/lumieresndclery.com\/","name":"Lumi\u00e8res sur Notre-Dame de Cl\u00e9ry","description":"LSNDC","publisher":{"@id":"https:\/\/lumieresndclery.com\/#organization"},"potentialAction":[{"@type":"SearchAction","target":{"@type":"EntryPoint","urlTemplate":"https:\/\/lumieresndclery.com\/?s={search_term_string}"},"query-input":{"@type":"PropertyValueSpecification","valueRequired":true,"valueName":"search_term_string"}}],"inLanguage":"fr-FR"},{"@type":"Organization","@id":"https:\/\/lumieresndclery.com\/#organization","name":"Lumi\u00e8res sur Notre Dame de Cl\u00e9ry","url":"https:\/\/lumieresndclery.com\/","logo":{"@type":"ImageObject","inLanguage":"fr-FR","@id":"https:\/\/lumieresndclery.com\/#\/schema\/logo\/image\/","url":"https:\/\/lumieresndclery.com\/wp-content\/uploads\/2023\/12\/cropped-logo_LSNDC.png","contentUrl":"https:\/\/lumieresndclery.com\/wp-content\/uploads\/2023\/12\/cropped-logo_LSNDC.png","width":1579,"height":2457,"caption":"Lumi\u00e8res sur Notre Dame de Cl\u00e9ry"},"image":{"@id":"https:\/\/lumieresndclery.com\/#\/schema\/logo\/image\/"},"sameAs":["https:\/\/www.facebook.com\/profile.php?id=100083351983960"]}]}},"_links":{"self":[{"href":"https:\/\/lumieresndclery.com\/index.php\/wp-json\/wp\/v2\/pages\/551","targetHints":{"allow":["GET"]}}],"collection":[{"href":"https:\/\/lumieresndclery.com\/index.php\/wp-json\/wp\/v2\/pages"}],"about":[{"href":"https:\/\/lumieresndclery.com\/index.php\/wp-json\/wp\/v2\/types\/page"}],"author":[{"embeddable":true,"href":"https:\/\/lumieresndclery.com\/index.php\/wp-json\/wp\/v2\/users\/1"}],"replies":[{"embeddable":true,"href":"https:\/\/lumieresndclery.com\/index.php\/wp-json\/wp\/v2\/comments?post=551"}],"version-history":[{"count":32,"href":"https:\/\/lumieresndclery.com\/index.php\/wp-json\/wp\/v2\/pages\/551\/revisions"}],"predecessor-version":[{"id":924,"href":"https:\/\/lumieresndclery.com\/index.php\/wp-json\/wp\/v2\/pages\/551\/revisions\/924"}],"wp:featuredmedia":[{"embeddable":true,"href":"https:\/\/lumieresndclery.com\/index.php\/wp-json\/wp\/v2\/media\/498"}],"wp:attachment":[{"href":"https:\/\/lumieresndclery.com\/index.php\/wp-json\/wp\/v2\/media?parent=551"}],"curies":[{"name":"wp","href":"https:\/\/api.w.org\/{rel}","templated":true}]}}